{"id":10447,"date":"2024-02-20T08:58:54","date_gmt":"2024-02-20T07:58:54","guid":{"rendered":"https:\/\/www.swisscanto-flex.ch\/portrait\/histoire\/"},"modified":"2024-05-13T12:36:14","modified_gmt":"2024-05-13T10:36:14","slug":"histoire","status":"publish","type":"page","link":"https:\/\/www.swisscanto-flex.ch\/fr\/portrait\/histoire\/","title":{"rendered":"Histoire"},"content":{"rendered":"\t\t<div data-elementor-type=\"wp-page\" data-elementor-id=\"10447\" class=\"elementor elementor-10447\" data-elementor-settings=\"{&quot;ha_cmc_init_switcher&quot;:&quot;no&quot;}\" data-elementor-post-type=\"page\">\n\t\t\t\t\t\t<section class=\"elementor-section elementor-top-section elementor-element elementor-element-67b5739 elementor-section-boxed elementor-section-height-default elementor-section-height-default\" data-id=\"67b5739\" data-element_type=\"section\" data-settings=\"{&quot;_ha_eqh_enable&quot;:false}\">\n\t\t\t\t\t\t<div class=\"elementor-container elementor-column-gap-default\">\n\t\t\t\t\t<div class=\"elementor-column elementor-col-100 elementor-top-column elementor-element elementor-element-de12916\" data-id=\"de12916\" data-element_type=\"column\">\n\t\t\t<div class=\"elementor-widget-wrap elementor-element-populated\">\n\t\t\t\t\t\t<div class=\"elementor-element elementor-element-66a891b elementor-widget elementor-widget-heading\" data-id=\"66a891b\" data-element_type=\"widget\" data-widget_type=\"heading.default\">\n\t\t\t\t<div class=\"elementor-widget-container\">\n\t\t\t\t\t<h1 class=\"elementor-heading-title elementor-size-default\">Histoire<\/h1>\t\t\t\t<\/div>\n\t\t\t\t<\/div>\n\t\t\t\t<div class=\"elementor-element elementor-element-9e62404 elementor-widget elementor-widget-text-editor\" data-id=\"9e62404\" data-element_type=\"widget\" data-widget_type=\"text-editor.default\">\n\t\t\t\t<div class=\"elementor-widget-container\">\n\t\t\t\t\t\t\t\t\t<p>En Suisse, l&rsquo;importance des fondations collectives a consid\u00e9rablement augment\u00e9 ces derni\u00e8res ann\u00e9es. En 2009, Swisscanto Pr\u00e9voyance SA a donc d\u00e9cid\u00e9 de cr\u00e9er la Swisscanto Flex Fondation Collective des banques cantonales afin de proposer une solution de pr\u00e9voyance obligatoire et\/ou surobligatoire.<\/p>\n\t\t\t\t\t\t\t\t<\/div>\n\t\t\t\t<\/div>\n\t\t\t\t\t<\/div>\n\t\t<\/div>\n\t\t\t\t\t<\/div>\n\t\t<\/section>\n\t\t\t\t<section class=\"elementor-section elementor-top-section elementor-element elementor-element-778e32b elementor-section-boxed elementor-section-height-default elementor-section-height-default\" data-id=\"778e32b\" data-element_type=\"section\" data-settings=\"{&quot;_ha_eqh_enable&quot;:false}\">\n\t\t\t\t\t\t<div class=\"elementor-container elementor-column-gap-no\">\n\t\t\t\t\t<div class=\"elementor-column elementor-col-100 elementor-top-column elementor-element elementor-element-ea95f85\" data-id=\"ea95f85\" data-element_type=\"column\">\n\t\t\t<div class=\"elementor-widget-wrap elementor-element-populated\">\n\t\t\t\t\t\t<div class=\"elementor-element elementor-element-8fca602 elementor-widget elementor-widget-image\" data-id=\"8fca602\" data-element_type=\"widget\" data-widget_type=\"image.default\">\n\t\t\t\t<div class=\"elementor-widget-container\">\n\t\t\t\t\t\t\t\t\t\t\t\t\t\t\t<img fetchpriority=\"high\" decoding=\"async\" width=\"800\" height=\"400\" src=\"https:\/\/www.swisscanto-flex.ch\/wp-content\/uploads\/2022\/12\/Geschichte_Header.jpg\" class=\"attachment-large size-large wp-image-7855\" alt=\"\" srcset=\"https:\/\/www.swisscanto-flex.ch\/wp-content\/uploads\/2022\/12\/Geschichte_Header.jpg 1920w, https:\/\/www.swisscanto-flex.ch\/wp-content\/uploads\/2022\/12\/Geschichte_Header-300x150.jpg 300w, https:\/\/www.swisscanto-flex.ch\/wp-content\/uploads\/2022\/12\/Geschichte_Header-768x384.jpg 768w, https:\/\/www.swisscanto-flex.ch\/wp-content\/uploads\/2022\/12\/Geschichte_Header-1536x768.jpg 1536w\" sizes=\"(max-width: 800px) 100vw, 800px\" \/>\t\t\t\t\t\t\t\t\t\t\t\t\t\t\t<\/div>\n\t\t\t\t<\/div>\n\t\t\t\t\t<\/div>\n\t\t<\/div>\n\t\t\t\t\t<\/div>\n\t\t<\/section>\n\t\t\t\t<section class=\"elementor-section elementor-top-section elementor-element elementor-element-188a3d4 elementor-section-boxed elementor-section-height-default elementor-section-height-default\" data-id=\"188a3d4\" data-element_type=\"section\" data-settings=\"{&quot;_ha_eqh_enable&quot;:false}\">\n\t\t\t\t\t\t<div class=\"elementor-container elementor-column-gap-default\">\n\t\t\t\t\t<div class=\"elementor-column elementor-col-100 elementor-top-column elementor-element elementor-element-464e4c2\" data-id=\"464e4c2\" data-element_type=\"column\">\n\t\t\t<div class=\"elementor-widget-wrap elementor-element-populated\">\n\t\t\t\t\t\t<div class=\"elementor-element elementor-element-e0b32ab elementor-widget elementor-widget-text-editor\" data-id=\"e0b32ab\" data-element_type=\"widget\" data-widget_type=\"text-editor.default\">\n\t\t\t\t<div class=\"elementor-widget-container\">\n\t\t\t\t\t\t\t\t\t<p>Compar\u00e9 \u00e0 d&rsquo;autres institutions de pr\u00e9voyance professionelle, il s&rsquo;agit donc d&rsquo;une fondation collective encore jeune. La partie &lsquo;Flex&rsquo; du nom fait partie du programme et promet plus de flexibilit\u00e9, d&rsquo;individualit\u00e9 et de participation \u00e0 la solution de caisse de pension.<\/p>\n\t\t\t\t\t\t\t\t<\/div>\n\t\t\t\t<\/div>\n\t\t\t\t<div class=\"elementor-element elementor-element-6be8449 elementor-widget elementor-widget-image\" data-id=\"6be8449\" data-element_type=\"widget\" data-widget_type=\"image.default\">\n\t\t\t\t<div class=\"elementor-widget-container\">\n\t\t\t\t\t\t\t\t\t\t\t\t\t\t\t\t<a href=\"https:\/\/www.swisscanto-flex.ch\/wp-content\/uploads\/2023\/01\/Grafik_Bilanzsumme_FR.png\" data-elementor-open-lightbox=\"yes\" data-elementor-lightbox-title=\"Grafik_Bilanzsumme_FR\" data-e-action-hash=\"#elementor-action%3Aaction%3Dlightbox%26settings%3DeyJpZCI6MTAyODYsInVybCI6Imh0dHBzOlwvXC93d3cuc3dpc3NjYW50by1mbGV4LmNoXC93cC1jb250ZW50XC91cGxvYWRzXC8yMDIzXC8wMVwvR3JhZmlrX0JpbGFuenN1bW1lX0ZSLnBuZyJ9\">\n\t\t\t\t\t\t\t<img decoding=\"async\" width=\"800\" height=\"335\" src=\"https:\/\/www.swisscanto-flex.ch\/wp-content\/uploads\/2023\/01\/Grafik_Bilanzsumme_FR.png\" class=\"attachment-large size-large wp-image-10286\" alt=\"\" srcset=\"https:\/\/www.swisscanto-flex.ch\/wp-content\/uploads\/2023\/01\/Grafik_Bilanzsumme_FR.png 1401w, https:\/\/www.swisscanto-flex.ch\/wp-content\/uploads\/2023\/01\/Grafik_Bilanzsumme_FR-300x125.png 300w, https:\/\/www.swisscanto-flex.ch\/wp-content\/uploads\/2023\/01\/Grafik_Bilanzsumme_FR-768x321.png 768w\" sizes=\"(max-width: 800px) 100vw, 800px\" \/>\t\t\t\t\t\t\t\t<\/a>\n\t\t\t\t\t\t\t\t\t\t\t\t\t\t\t<\/div>\n\t\t\t\t<\/div>\n\t\t\t\t<div class=\"elementor-element elementor-element-02824d1 elementor-widget elementor-widget-text-editor\" data-id=\"02824d1\" data-element_type=\"widget\" data-widget_type=\"text-editor.default\">\n\t\t\t\t<div class=\"elementor-widget-container\">\n\t\t\t\t\t\t\t\t\t<p>La croissance extr\u00eamement r\u00e9jouissante de la Swisscanto Flex Fondation Collective prouve que le concept de notre fondation collective r\u00e9pond aux besoins de nombreuses entreprises. Gr\u00e2ce \u00e0 notre concept, vos souhaits peuvent \u00eatre mis en \u0153uvre de mani\u00e8re sur mesure.<\/p>\n\t\t\t\t\t\t\t\t<\/div>\n\t\t\t\t<\/div>\n\t\t\t\t\t<\/div>\n\t\t<\/div>\n\t\t\t\t\t<\/div>\n\t\t<\/section>\n\t\t\t\t<section class=\"elementor-section elementor-top-section elementor-element elementor-element-2ec3f88 elementor-section-boxed elementor-section-height-default elementor-section-height-default\" data-id=\"2ec3f88\" data-element_type=\"section\" data-settings=\"{&quot;_ha_eqh_enable&quot;:false}\">\n\t\t\t\t\t\t<div class=\"elementor-container elementor-column-gap-default\">\n\t\t\t\t\t<div class=\"elementor-column elementor-col-50 elementor-top-column elementor-element elementor-element-0a91140\" data-id=\"0a91140\" data-element_type=\"column\">\n\t\t\t<div class=\"elementor-widget-wrap elementor-element-populated\">\n\t\t\t\t\t\t<div class=\"elementor-element elementor-element-c38a762 elementor-widget elementor-widget-image\" data-id=\"c38a762\" data-element_type=\"widget\" data-widget_type=\"image.default\">\n\t\t\t\t<div class=\"elementor-widget-container\">\n\t\t\t\t\t\t\t\t\t\t\t\t\t\t\t<img decoding=\"async\" width=\"800\" height=\"533\" src=\"https:\/\/www.swisscanto-flex.ch\/wp-content\/uploads\/2022\/12\/Wer-wir-sind_klein.jpg\" class=\"attachment-large size-large wp-image-7823\" alt=\"\" srcset=\"https:\/\/www.swisscanto-flex.ch\/wp-content\/uploads\/2022\/12\/Wer-wir-sind_klein.jpg 1280w, https:\/\/www.swisscanto-flex.ch\/wp-content\/uploads\/2022\/12\/Wer-wir-sind_klein-300x200.jpg 300w, https:\/\/www.swisscanto-flex.ch\/wp-content\/uploads\/2022\/12\/Wer-wir-sind_klein-768x512.jpg 768w, https:\/\/www.swisscanto-flex.ch\/wp-content\/uploads\/2022\/12\/Wer-wir-sind_klein-750x500.jpg 750w, https:\/\/www.swisscanto-flex.ch\/wp-content\/uploads\/2022\/12\/Wer-wir-sind_klein-456x304.jpg 456w\" sizes=\"(max-width: 800px) 100vw, 800px\" \/>\t\t\t\t\t\t\t\t\t\t\t\t\t\t\t<\/div>\n\t\t\t\t<\/div>\n\t\t\t\t\t<\/div>\n\t\t<\/div>\n\t\t\t\t<div class=\"elementor-column elementor-col-50 elementor-top-column elementor-element elementor-element-07c9853\" data-id=\"07c9853\" data-element_type=\"column\">\n\t\t\t<div class=\"elementor-widget-wrap elementor-element-populated\">\n\t\t\t\t\t\t<div class=\"elementor-element elementor-element-ed63918 elementor-widget elementor-widget-heading\" data-id=\"ed63918\" data-element_type=\"widget\" data-widget_type=\"heading.default\">\n\t\t\t\t<div class=\"elementor-widget-container\">\n\t\t\t\t\t<h3 class=\"elementor-heading-title elementor-size-default\">Qui nous sommes<\/h3>\t\t\t\t<\/div>\n\t\t\t\t<\/div>\n\t\t\t\t<div class=\"elementor-element elementor-element-d023de7 elementor-widget elementor-widget-text-editor\" data-id=\"d023de7\" data-element_type=\"widget\" data-widget_type=\"text-editor.default\">\n\t\t\t\t<div class=\"elementor-widget-container\">\n\t\t\t\t\t\t\t\t\t<p>La Swisscanto Flex Fondation Collective est la pr\u00e9voyance professionnelle avec produits de placement du groupe Z\u00fcrcher Kantonalbank.<\/p>\n\t\t\t\t\t\t\t\t<\/div>\n\t\t\t\t<\/div>\n\t\t\t\t<div class=\"elementor-element elementor-element-d90337c elementor-widget elementor-widget-button\" data-id=\"d90337c\" data-element_type=\"widget\" data-widget_type=\"button.default\">\n\t\t\t\t<div class=\"elementor-widget-container\">\n\t\t\t\t\t\t\t\t\t<div class=\"elementor-button-wrapper\">\n\t\t\t\t\t<a class=\"elementor-button elementor-button-link elementor-size-sm\" href=\"https:\/\/www.swisscanto-flex.ch\/fr\/portrait\/organisme\/qui-nous-sommes\/\">\n\t\t\t\t\t\t<span class=\"elementor-button-content-wrapper\">\n\t\t\t\t\t\t<span class=\"elementor-button-icon\">\n\t\t\t\t<i aria-hidden=\"true\" class=\"icon icon-sc-arrow3-right\"><\/i>\t\t\t<\/span>\n\t\t\t\t\t\t\t\t\t<span class=\"elementor-button-text\">Apprendre encore plus<\/span>\n\t\t\t\t\t<\/span>\n\t\t\t\t\t<\/a>\n\t\t\t\t<\/div>\n\t\t\t\t\t\t\t\t<\/div>\n\t\t\t\t<\/div>\n\t\t\t\t\t<\/div>\n\t\t<\/div>\n\t\t\t\t\t<\/div>\n\t\t<\/section>\n\t\t\t\t<section class=\"elementor-section elementor-top-section elementor-element elementor-element-99dd81f elementor-reverse-mobile elementor-section-boxed elementor-section-height-default elementor-section-height-default\" data-id=\"99dd81f\" data-element_type=\"section\" data-settings=\"{&quot;_ha_eqh_enable&quot;:false}\">\n\t\t\t\t\t\t<div class=\"elementor-container elementor-column-gap-default\">\n\t\t\t\t\t<div class=\"elementor-column elementor-col-50 elementor-top-column elementor-element elementor-element-21cad1f\" data-id=\"21cad1f\" data-element_type=\"column\">\n\t\t\t<div class=\"elementor-widget-wrap elementor-element-populated\">\n\t\t\t\t\t\t<div class=\"elementor-element elementor-element-5275e8c elementor-widget elementor-widget-heading\" data-id=\"5275e8c\" data-element_type=\"widget\" data-widget_type=\"heading.default\">\n\t\t\t\t<div class=\"elementor-widget-container\">\n\t\t\t\t\t<h3 class=\"elementor-heading-title elementor-size-default\">Organisation<\/h3>\t\t\t\t<\/div>\n\t\t\t\t<\/div>\n\t\t\t\t<div class=\"elementor-element elementor-element-18df9ad elementor-widget elementor-widget-text-editor\" data-id=\"18df9ad\" data-element_type=\"widget\" data-widget_type=\"text-editor.default\">\n\t\t\t\t<div class=\"elementor-widget-container\">\n\t\t\t\t\t\t\t\t\t<p>La Swisscanto Flex Fondation Collective est synonyme d\u2019une gamme de produits innovante, flexible et attrayante dans le domaine de la pr\u00e9voyance professionnelle.<\/p>\n\t\t\t\t\t\t\t\t<\/div>\n\t\t\t\t<\/div>\n\t\t\t\t<div class=\"elementor-element elementor-element-af5cb3c elementor-widget elementor-widget-button\" data-id=\"af5cb3c\" data-element_type=\"widget\" data-widget_type=\"button.default\">\n\t\t\t\t<div class=\"elementor-widget-container\">\n\t\t\t\t\t\t\t\t\t<div class=\"elementor-button-wrapper\">\n\t\t\t\t\t<a class=\"elementor-button elementor-button-link elementor-size-sm\" href=\"https:\/\/www.swisscanto-flex.ch\/fr\/portrait\/organisme\/\">\n\t\t\t\t\t\t<span class=\"elementor-button-content-wrapper\">\n\t\t\t\t\t\t<span class=\"elementor-button-icon\">\n\t\t\t\t<i aria-hidden=\"true\" class=\"icon icon-sc-arrow3-right\"><\/i>\t\t\t<\/span>\n\t\t\t\t\t\t\t\t\t<span class=\"elementor-button-text\">Informez maintenant<\/span>\n\t\t\t\t\t<\/span>\n\t\t\t\t\t<\/a>\n\t\t\t\t<\/div>\n\t\t\t\t\t\t\t\t<\/div>\n\t\t\t\t<\/div>\n\t\t\t\t\t<\/div>\n\t\t<\/div>\n\t\t\t\t<div class=\"elementor-column elementor-col-50 elementor-top-column elementor-element elementor-element-cc15c4e\" data-id=\"cc15c4e\" data-element_type=\"column\">\n\t\t\t<div class=\"elementor-widget-wrap elementor-element-populated\">\n\t\t\t\t\t\t<div class=\"elementor-element elementor-element-11a7bc8 elementor-widget elementor-widget-image\" data-id=\"11a7bc8\" data-element_type=\"widget\" data-widget_type=\"image.default\">\n\t\t\t\t<div class=\"elementor-widget-container\">\n\t\t\t\t\t\t\t\t\t\t\t\t\t\t\t<img loading=\"lazy\" decoding=\"async\" width=\"800\" height=\"533\" src=\"https:\/\/www.swisscanto-flex.ch\/wp-content\/uploads\/2023\/01\/Organisation_klein.jpg\" class=\"attachment-large size-large wp-image-11709\" alt=\"\" srcset=\"https:\/\/www.swisscanto-flex.ch\/wp-content\/uploads\/2023\/01\/Organisation_klein.jpg 1280w, https:\/\/www.swisscanto-flex.ch\/wp-content\/uploads\/2023\/01\/Organisation_klein-300x200.jpg 300w, https:\/\/www.swisscanto-flex.ch\/wp-content\/uploads\/2023\/01\/Organisation_klein-768x511.jpg 768w, https:\/\/www.swisscanto-flex.ch\/wp-content\/uploads\/2023\/01\/Organisation_klein-750x500.jpg 750w, https:\/\/www.swisscanto-flex.ch\/wp-content\/uploads\/2023\/01\/Organisation_klein-456x304.jpg 456w\" sizes=\"(max-width: 800px) 100vw, 800px\" \/>\t\t\t\t\t\t\t\t\t\t\t\t\t\t\t<\/div>\n\t\t\t\t<\/div>\n\t\t\t\t\t<\/div>\n\t\t<\/div>\n\t\t\t\t\t<\/div>\n\t\t<\/section>\n\t\t\t\t<section class=\"elementor-section elementor-top-section elementor-element elementor-element-689a8d9 elementor-section-boxed elementor-section-height-default elementor-section-height-default\" data-id=\"689a8d9\" data-element_type=\"section\" data-settings=\"{&quot;_ha_eqh_enable&quot;:false}\">\n\t\t\t\t\t\t<div class=\"elementor-container elementor-column-gap-no\">\n\t\t\t\t\t<div class=\"elementor-column elementor-col-100 elementor-top-column elementor-element elementor-element-b21dca8\" data-id=\"b21dca8\" data-element_type=\"column\">\n\t\t\t<div class=\"elementor-widget-wrap elementor-element-populated\">\n\t\t\t\t\t\t<div class=\"elementor-element elementor-element-c02c0e8 elementor-widget elementor-widget-template\" data-id=\"c02c0e8\" data-element_type=\"widget\" data-widget_type=\"template.default\">\n\t\t\t\t<div class=\"elementor-widget-container\">\n\t\t\t\t\t\t\t<div class=\"elementor-template\">\n\t\t\t\t\t<div data-elementor-type=\"section\" data-elementor-id=\"13298\" class=\"elementor elementor-13298 elementor-13291\" data-elementor-settings=\"{&quot;ha_cmc_init_switcher&quot;:&quot;no&quot;}\" data-elementor-post-type=\"elementor_library\">\n\t\t\t\t\t<section class=\"elementor-section elementor-top-section elementor-element elementor-element-1b1d368f red-teaser elementor-section-boxed elementor-section-height-default elementor-section-height-default\" data-id=\"1b1d368f\" data-element_type=\"section\" data-settings=\"{&quot;_ha_eqh_enable&quot;:false}\">\n\t\t\t\t\t\t<div class=\"elementor-container elementor-column-gap-no\">\n\t\t\t\t\t<div class=\"elementor-column elementor-col-100 elementor-top-column elementor-element elementor-element-337faa32\" data-id=\"337faa32\" data-element_type=\"column\">\n\t\t\t<div class=\"elementor-widget-wrap elementor-element-populated\">\n\t\t\t\t\t\t<div class=\"elementor-element elementor-element-2bc65107 elementor-widget elementor-widget-ucaddon_contact_box\" data-id=\"2bc65107\" data-element_type=\"widget\" data-widget_type=\"ucaddon_contact_box.default\">\n\t\t\t\t<div class=\"elementor-widget-container\">\n\t\t\t\t\t\n<!-- start Contact Box -->\n<style>\/* widget: Contact Box *\/\n\n.sc-contact-box {\n  background-color: #080F5E;\n  color: white;\n  padding: 78px;\n  position: relative;\n}\n.sc-contact-box .sc-headline h2 {\n  color: white;\n  font-weight: bold;\n}\n.sc-contact-box:hover .sc-headline h2 {\n  color: var(--e-global-color-text);\n}\n.sc-contact-box .sc-text {\n  margin-bottom: 60px;\n}\n.sc-contact-box .sc-contact-box-wrapper-link {\n  position: absolute;\n  top: 0;\n  left: 0;\n  right: 0;\n  bottom: 0;\n}\n.sc-contact-box .elementor-button-wrapper {\n  position: relative;\n}\n.sc-contact-box .elementor-button-wrapper .elementor-button {\n  color: white;\n  border-color: white;\n  text-decoration: none;\n}\n.sc-contact-box .elementor-button-wrapper .elementor-button:hover {\n  color: #BFE8FC;\n  border-color: #BFE8FC;\n}\n\n<\/style>\n\n<div id=\"uc_contact_box_elementor_2bc65107\" class=\"sc-contact-box\">\n  <div class=\"sc-headline\">\n    <h2>Contactez-nous<\/h2>\n  <\/div>\n  <div class=\"sc-text\">\n    <p>Vous avez des questions sur notre organisation ? Nous sommes heureux d\u2019y r\u00e9pondre<\/p>\n\n  <\/div>\n  <a href=\"https:\/\/www.swisscanto-flex.ch\/fr\/contact\/\" class=\"sc-contact-box-wrapper-link\">&nbsp;<\/a>\n  <div class=\"elementor-button-wrapper\">\n    <a class=\"elementor-button elementor-button-link elementor-size-sm\" href=\"https:\/\/www.swisscanto-flex.ch\/fr\/contact\/\">\n      <span class=\"elementor-button-content-wrapper\">\n        <span class=\"elementor-button-text\">Contact<\/span>\n      <\/span>\n    <\/a>\n  <\/div>\n<\/div>\n<!-- end Contact Box -->\t\t\t\t<\/div>\n\t\t\t\t<\/div>\n\t\t\t\t\t<\/div>\n\t\t<\/div>\n\t\t\t\t\t<\/div>\n\t\t<\/section>\n\t\t\t\t<\/div>\n\t\t\t\t<\/div>\n\t\t\t\t\t\t<\/div>\n\t\t\t\t<\/div>\n\t\t\t\t\t<\/div>\n\t\t<\/div>\n\t\t\t\t\t<\/div>\n\t\t<\/section>\n\t\t\t\t<\/div>\n\t\t","protected":false},"excerpt":{"rendered":"<p>Histoire En Suisse, l&rsquo;importance des fondations collectives a consid\u00e9rablement augment\u00e9 ces derni\u00e8res ann\u00e9es. En 2009, Swisscanto Pr\u00e9voyance SA a donc d\u00e9cid\u00e9 de cr\u00e9er la Swisscanto Flex Fondation Collective des banques cantonales afin de proposer une solution de pr\u00e9voyance obligatoire et\/ou surobligatoire. Compar\u00e9 \u00e0 d&rsquo;autres institutions de pr\u00e9voyance professionelle, il s&rsquo;agit donc d&rsquo;une fondation collective encore [&hellip;]<\/p>\n","protected":false},"author":2,"featured_media":0,"parent":10446,"menu_order":20,"comment_status":"closed","ping_status":"closed","template":"","meta":{"_acf_changed":false,"footnotes":""},"class_list":["post-10447","page","type-page","status-publish","hentry"],"acf":[],"yoast_head":"<!-- This site is optimized with the Yoast SEO plugin v26.1.1 - https:\/\/yoast.com\/wordpress\/plugins\/seo\/ -->\n<title>Une fondation collective \u00e0 croissance rapide- Swisscanto Flex<\/title>\n<meta name=\"description\" content=\"Nous d\u00e9veloppons constamment. Pour plus de flexibilit\u00e9, d&#039;individualit\u00e9 et de participation \u00e0 votre solution de pr\u00e9voyance. En savoir plus ici.\" \/>\n<meta name=\"robots\" content=\"index, follow, max-snippet:-1, max-image-preview:large, max-video-preview:-1\" \/>\n<link rel=\"canonical\" href=\"https:\/\/www.swisscanto-flex.ch\/fr\/portrait\/histoire\/\" \/>\n<meta property=\"og:locale\" content=\"fr_FR\" \/>\n<meta property=\"og:type\" content=\"article\" \/>\n<meta property=\"og:title\" content=\"Une fondation collective \u00e0 croissance rapide- Swisscanto Flex\" \/>\n<meta property=\"og:description\" content=\"Nous d\u00e9veloppons constamment. Pour plus de flexibilit\u00e9, d&#039;individualit\u00e9 et de participation \u00e0 votre solution de pr\u00e9voyance. En savoir plus ici.\" \/>\n<meta property=\"og:url\" content=\"https:\/\/www.swisscanto-flex.ch\/fr\/portrait\/histoire\/\" \/>\n<meta property=\"og:site_name\" content=\"Swisscanto Flex\" \/>\n<meta property=\"article:modified_time\" content=\"2024-05-13T10:36:14+00:00\" \/>\n<meta property=\"og:image\" content=\"https:\/\/www.swisscanto-flex.ch\/wp-content\/uploads\/2022\/12\/Geschichte_Header.jpg\" \/>\n<meta name=\"twitter:card\" content=\"summary_large_image\" \/>\n<meta name=\"twitter:label1\" content=\"Dur\u00e9e de lecture estim\u00e9e\" \/>\n\t<meta name=\"twitter:data1\" content=\"1 minute\" \/>\n<script type=\"application\/ld+json\" class=\"yoast-schema-graph\">{\"@context\":\"https:\/\/schema.org\",\"@graph\":[{\"@type\":\"WebPage\",\"@id\":\"https:\/\/www.swisscanto-flex.ch\/fr\/portrait\/histoire\/\",\"url\":\"https:\/\/www.swisscanto-flex.ch\/fr\/portrait\/histoire\/\",\"name\":\"Une fondation collective \u00e0 croissance rapide- Swisscanto Flex\",\"isPartOf\":{\"@id\":\"https:\/\/www.swisscanto-flex.ch\/fr\/#website\"},\"primaryImageOfPage\":{\"@id\":\"https:\/\/www.swisscanto-flex.ch\/fr\/portrait\/histoire\/#primaryimage\"},\"image\":{\"@id\":\"https:\/\/www.swisscanto-flex.ch\/fr\/portrait\/histoire\/#primaryimage\"},\"thumbnailUrl\":\"https:\/\/www.swisscanto-flex.ch\/wp-content\/uploads\/2022\/12\/Geschichte_Header.jpg\",\"datePublished\":\"2024-02-20T07:58:54+00:00\",\"dateModified\":\"2024-05-13T10:36:14+00:00\",\"description\":\"Nous d\u00e9veloppons constamment. Pour plus de flexibilit\u00e9, d'individualit\u00e9 et de participation \u00e0 votre solution de pr\u00e9voyance. En savoir plus ici.\",\"breadcrumb\":{\"@id\":\"https:\/\/www.swisscanto-flex.ch\/fr\/portrait\/histoire\/#breadcrumb\"},\"inLanguage\":\"fr-FR\",\"potentialAction\":[{\"@type\":\"ReadAction\",\"target\":[\"https:\/\/www.swisscanto-flex.ch\/fr\/portrait\/histoire\/\"]}]},{\"@type\":\"ImageObject\",\"inLanguage\":\"fr-FR\",\"@id\":\"https:\/\/www.swisscanto-flex.ch\/fr\/portrait\/histoire\/#primaryimage\",\"url\":\"https:\/\/www.swisscanto-flex.ch\/wp-content\/uploads\/2022\/12\/Geschichte_Header.jpg\",\"contentUrl\":\"https:\/\/www.swisscanto-flex.ch\/wp-content\/uploads\/2022\/12\/Geschichte_Header.jpg\"},{\"@type\":\"BreadcrumbList\",\"@id\":\"https:\/\/www.swisscanto-flex.ch\/fr\/portrait\/histoire\/#breadcrumb\",\"itemListElement\":[{\"@type\":\"ListItem\",\"position\":1,\"name\":\"Home\",\"item\":\"https:\/\/www.swisscanto-flex.ch\/fr\/\"},{\"@type\":\"ListItem\",\"position\":2,\"name\":\"\u00c0 propos de nous\",\"item\":\"https:\/\/www.swisscanto-flex.ch\/fr\/portrait\/\"},{\"@type\":\"ListItem\",\"position\":3,\"name\":\"Histoire\"}]},{\"@type\":\"WebSite\",\"@id\":\"https:\/\/www.swisscanto-flex.ch\/fr\/#website\",\"url\":\"https:\/\/www.swisscanto-flex.ch\/fr\/\",\"name\":\"Swisscanto Flex\",\"description\":\"\",\"publisher\":{\"@id\":\"https:\/\/www.swisscanto-flex.ch\/fr\/#organization\"},\"potentialAction\":[{\"@type\":\"SearchAction\",\"target\":{\"@type\":\"EntryPoint\",\"urlTemplate\":\"https:\/\/www.swisscanto-flex.ch\/fr\/?s={search_term_string}\"},\"query-input\":{\"@type\":\"PropertyValueSpecification\",\"valueRequired\":true,\"valueName\":\"search_term_string\"}}],\"inLanguage\":\"fr-FR\"},{\"@type\":\"Organization\",\"@id\":\"https:\/\/www.swisscanto-flex.ch\/fr\/#organization\",\"name\":\"Swisscanto Flex\",\"url\":\"https:\/\/www.swisscanto-flex.ch\/fr\/\",\"logo\":{\"@type\":\"ImageObject\",\"inLanguage\":\"fr-FR\",\"@id\":\"https:\/\/www.swisscanto-flex.ch\/fr\/#\/schema\/logo\/image\/\",\"url\":\"https:\/\/www.swisscanto-flex.ch\/wp-content\/uploads\/2025\/08\/SWCstift_Flex_DE_hor_pos_sRGB.png\",\"contentUrl\":\"https:\/\/www.swisscanto-flex.ch\/wp-content\/uploads\/2025\/08\/SWCstift_Flex_DE_hor_pos_sRGB.png\",\"width\":1241,\"height\":110,\"caption\":\"Swisscanto Flex\"},\"image\":{\"@id\":\"https:\/\/www.swisscanto-flex.ch\/fr\/#\/schema\/logo\/image\/\"}}]}<\/script>\n<!-- \/ Yoast SEO plugin. -->","yoast_head_json":{"title":"Une fondation collective \u00e0 croissance rapide- Swisscanto Flex","description":"Nous d\u00e9veloppons constamment. Pour plus de flexibilit\u00e9, d'individualit\u00e9 et de participation \u00e0 votre solution de pr\u00e9voyance. En savoir plus ici.","robots":{"index":"index","follow":"follow","max-snippet":"max-snippet:-1","max-image-preview":"max-image-preview:large","max-video-preview":"max-video-preview:-1"},"canonical":"https:\/\/www.swisscanto-flex.ch\/fr\/portrait\/histoire\/","og_locale":"fr_FR","og_type":"article","og_title":"Une fondation collective \u00e0 croissance rapide- Swisscanto Flex","og_description":"Nous d\u00e9veloppons constamment. Pour plus de flexibilit\u00e9, d'individualit\u00e9 et de participation \u00e0 votre solution de pr\u00e9voyance. En savoir plus ici.","og_url":"https:\/\/www.swisscanto-flex.ch\/fr\/portrait\/histoire\/","og_site_name":"Swisscanto Flex","article_modified_time":"2024-05-13T10:36:14+00:00","og_image":[{"url":"https:\/\/www.swisscanto-flex.ch\/wp-content\/uploads\/2022\/12\/Geschichte_Header.jpg","type":"","width":"","height":""}],"twitter_card":"summary_large_image","twitter_misc":{"Dur\u00e9e de lecture estim\u00e9e":"1 minute"},"schema":{"@context":"https:\/\/schema.org","@graph":[{"@type":"WebPage","@id":"https:\/\/www.swisscanto-flex.ch\/fr\/portrait\/histoire\/","url":"https:\/\/www.swisscanto-flex.ch\/fr\/portrait\/histoire\/","name":"Une fondation collective \u00e0 croissance rapide- Swisscanto Flex","isPartOf":{"@id":"https:\/\/www.swisscanto-flex.ch\/fr\/#website"},"primaryImageOfPage":{"@id":"https:\/\/www.swisscanto-flex.ch\/fr\/portrait\/histoire\/#primaryimage"},"image":{"@id":"https:\/\/www.swisscanto-flex.ch\/fr\/portrait\/histoire\/#primaryimage"},"thumbnailUrl":"https:\/\/www.swisscanto-flex.ch\/wp-content\/uploads\/2022\/12\/Geschichte_Header.jpg","datePublished":"2024-02-20T07:58:54+00:00","dateModified":"2024-05-13T10:36:14+00:00","description":"Nous d\u00e9veloppons constamment. Pour plus de flexibilit\u00e9, d'individualit\u00e9 et de participation \u00e0 votre solution de pr\u00e9voyance. En savoir plus ici.","breadcrumb":{"@id":"https:\/\/www.swisscanto-flex.ch\/fr\/portrait\/histoire\/#breadcrumb"},"inLanguage":"fr-FR","potentialAction":[{"@type":"ReadAction","target":["https:\/\/www.swisscanto-flex.ch\/fr\/portrait\/histoire\/"]}]},{"@type":"ImageObject","inLanguage":"fr-FR","@id":"https:\/\/www.swisscanto-flex.ch\/fr\/portrait\/histoire\/#primaryimage","url":"https:\/\/www.swisscanto-flex.ch\/wp-content\/uploads\/2022\/12\/Geschichte_Header.jpg","contentUrl":"https:\/\/www.swisscanto-flex.ch\/wp-content\/uploads\/2022\/12\/Geschichte_Header.jpg"},{"@type":"BreadcrumbList","@id":"https:\/\/www.swisscanto-flex.ch\/fr\/portrait\/histoire\/#breadcrumb","itemListElement":[{"@type":"ListItem","position":1,"name":"Home","item":"https:\/\/www.swisscanto-flex.ch\/fr\/"},{"@type":"ListItem","position":2,"name":"\u00c0 propos de nous","item":"https:\/\/www.swisscanto-flex.ch\/fr\/portrait\/"},{"@type":"ListItem","position":3,"name":"Histoire"}]},{"@type":"WebSite","@id":"https:\/\/www.swisscanto-flex.ch\/fr\/#website","url":"https:\/\/www.swisscanto-flex.ch\/fr\/","name":"Swisscanto Flex","description":"","publisher":{"@id":"https:\/\/www.swisscanto-flex.ch\/fr\/#organization"},"potentialAction":[{"@type":"SearchAction","target":{"@type":"EntryPoint","urlTemplate":"https:\/\/www.swisscanto-flex.ch\/fr\/?s={search_term_string}"},"query-input":{"@type":"PropertyValueSpecification","valueRequired":true,"valueName":"search_term_string"}}],"inLanguage":"fr-FR"},{"@type":"Organization","@id":"https:\/\/www.swisscanto-flex.ch\/fr\/#organization","name":"Swisscanto Flex","url":"https:\/\/www.swisscanto-flex.ch\/fr\/","logo":{"@type":"ImageObject","inLanguage":"fr-FR","@id":"https:\/\/www.swisscanto-flex.ch\/fr\/#\/schema\/logo\/image\/","url":"https:\/\/www.swisscanto-flex.ch\/wp-content\/uploads\/2025\/08\/SWCstift_Flex_DE_hor_pos_sRGB.png","contentUrl":"https:\/\/www.swisscanto-flex.ch\/wp-content\/uploads\/2025\/08\/SWCstift_Flex_DE_hor_pos_sRGB.png","width":1241,"height":110,"caption":"Swisscanto Flex"},"image":{"@id":"https:\/\/www.swisscanto-flex.ch\/fr\/#\/schema\/logo\/image\/"}}]}},"_links":{"self":[{"href":"https:\/\/www.swisscanto-flex.ch\/fr\/wp-json\/wp\/v2\/pages\/10447","targetHints":{"allow":["GET"]}}],"collection":[{"href":"https:\/\/www.swisscanto-flex.ch\/fr\/wp-json\/wp\/v2\/pages"}],"about":[{"href":"https:\/\/www.swisscanto-flex.ch\/fr\/wp-json\/wp\/v2\/types\/page"}],"author":[{"embeddable":true,"href":"https:\/\/www.swisscanto-flex.ch\/fr\/wp-json\/wp\/v2\/users\/2"}],"replies":[{"embeddable":true,"href":"https:\/\/www.swisscanto-flex.ch\/fr\/wp-json\/wp\/v2\/comments?post=10447"}],"version-history":[{"count":22,"href":"https:\/\/www.swisscanto-flex.ch\/fr\/wp-json\/wp\/v2\/pages\/10447\/revisions"}],"predecessor-version":[{"id":14919,"href":"https:\/\/www.swisscanto-flex.ch\/fr\/wp-json\/wp\/v2\/pages\/10447\/revisions\/14919"}],"up":[{"embeddable":true,"href":"https:\/\/www.swisscanto-flex.ch\/fr\/wp-json\/wp\/v2\/pages\/10446"}],"wp:attachment":[{"href":"https:\/\/www.swisscanto-flex.ch\/fr\/wp-json\/wp\/v2\/media?parent=10447"}],"curies":[{"name":"wp","href":"https:\/\/api.w.org\/{rel}","templated":true}]}}