{"id":10703,"date":"2022-12-19T10:08:48","date_gmt":"2022-12-19T09:08:48","guid":{"rendered":"https:\/\/www.swisscanto-flex.ch\/solutions-de-retraite\/flex-collective\/"},"modified":"2023-12-21T09:19:48","modified_gmt":"2023-12-21T08:19:48","slug":"flex-collective","status":"publish","type":"page","link":"https:\/\/www.swisscanto-flex.ch\/fr\/solutions-de-retraite\/flex-collective\/","title":{"rendered":"Flex collective"},"content":{"rendered":"\t\t<div data-elementor-type=\"wp-page\" data-elementor-id=\"10703\" class=\"elementor elementor-10703 elementor-7738\" data-elementor-settings=\"{&quot;ha_cmc_init_switcher&quot;:&quot;no&quot;}\" data-elementor-post-type=\"page\">\n\t\t\t\t\t\t<section class=\"elementor-section elementor-top-section elementor-element elementor-element-8c5bd50 elementor-section-boxed elementor-section-height-default elementor-section-height-default\" data-id=\"8c5bd50\" data-element_type=\"section\" data-settings=\"{&quot;_ha_eqh_enable&quot;:false}\">\n\t\t\t\t\t\t<div class=\"elementor-container elementor-column-gap-default\">\n\t\t\t\t\t<div class=\"elementor-column elementor-col-100 elementor-top-column elementor-element elementor-element-115be81\" data-id=\"115be81\" data-element_type=\"column\">\n\t\t\t<div class=\"elementor-widget-wrap elementor-element-populated\">\n\t\t\t\t\t\t<div class=\"elementor-element elementor-element-ff1812c elementor-widget elementor-widget-heading\" data-id=\"ff1812c\" data-element_type=\"widget\" data-widget_type=\"heading.default\">\n\t\t\t\t<div class=\"elementor-widget-container\">\n\t\t\t\t\t<h1 class=\"elementor-heading-title elementor-size-default\">Flex collective<\/h1>\t\t\t\t<\/div>\n\t\t\t\t<\/div>\n\t\t\t\t<div class=\"elementor-element elementor-element-11a4f7f elementor-widget elementor-widget-text-editor\" data-id=\"11a4f7f\" data-element_type=\"widget\" data-widget_type=\"text-editor.default\">\n\t\t\t\t<div class=\"elementor-widget-container\">\n\t\t\t\t\t\t\t\t\t<p>Flex collective est un produit destin\u00e9 aux entreprises qui souhaitent confier leurs obligations de caisse de pension \u00e0 une fondation collective comp\u00e9tente. Toutes les entreprises affili\u00e9es dans cette institution forment une communaut\u00e9. En r\u00e8gle g\u00e9n\u00e9rale, ce sont avant tout les entreprises de petite taille qui se d\u00e9cident pour Flex collective. Toutefois, nous comptons parmi nos clients aussi quelques entreprises de plus grande taille souhaitant transmettre leurs obligations de caisses de pension \u00e0 une fondation collective comp\u00e9tente.<\/p>\n\t\t\t\t\t\t\t\t<\/div>\n\t\t\t\t<\/div>\n\t\t\t\t\t<\/div>\n\t\t<\/div>\n\t\t\t\t\t<\/div>\n\t\t<\/section>\n\t\t\t\t<section class=\"elementor-section elementor-top-section elementor-element elementor-element-68ff48a elementor-section-boxed elementor-section-height-default elementor-section-height-default\" data-id=\"68ff48a\" data-element_type=\"section\" data-settings=\"{&quot;_ha_eqh_enable&quot;:false}\">\n\t\t\t\t\t\t<div class=\"elementor-container elementor-column-gap-no\">\n\t\t\t\t\t<div class=\"elementor-column elementor-col-100 elementor-top-column elementor-element elementor-element-89cb359\" data-id=\"89cb359\" data-element_type=\"column\">\n\t\t\t<div class=\"elementor-widget-wrap elementor-element-populated\">\n\t\t\t\t\t\t<div class=\"elementor-element elementor-element-03d037c elementor-widget elementor-widget-image\" data-id=\"03d037c\" data-element_type=\"widget\" data-widget_type=\"image.default\">\n\t\t\t\t<div class=\"elementor-widget-container\">\n\t\t\t\t\t\t\t\t\t\t\t\t\t\t\t<img fetchpriority=\"high\" decoding=\"async\" width=\"800\" height=\"400\" src=\"https:\/\/www.swisscanto-flex.ch\/wp-content\/uploads\/2023\/02\/Flex-kollektiv_Header.jpg\" class=\"attachment-large size-large wp-image-11885\" alt=\"\" srcset=\"https:\/\/www.swisscanto-flex.ch\/wp-content\/uploads\/2023\/02\/Flex-kollektiv_Header.jpg 1920w, https:\/\/www.swisscanto-flex.ch\/wp-content\/uploads\/2023\/02\/Flex-kollektiv_Header-300x150.jpg 300w, https:\/\/www.swisscanto-flex.ch\/wp-content\/uploads\/2023\/02\/Flex-kollektiv_Header-768x384.jpg 768w, https:\/\/www.swisscanto-flex.ch\/wp-content\/uploads\/2023\/02\/Flex-kollektiv_Header-1536x768.jpg 1536w\" sizes=\"(max-width: 800px) 100vw, 800px\" \/>\t\t\t\t\t\t\t\t\t\t\t\t\t\t\t<\/div>\n\t\t\t\t<\/div>\n\t\t\t\t\t<\/div>\n\t\t<\/div>\n\t\t\t\t\t<\/div>\n\t\t<\/section>\n\t\t\t\t<section class=\"elementor-section elementor-top-section elementor-element elementor-element-0c80788 elementor-section-boxed elementor-section-height-default elementor-section-height-default\" data-id=\"0c80788\" data-element_type=\"section\" data-settings=\"{&quot;_ha_eqh_enable&quot;:false}\">\n\t\t\t\t\t\t<div class=\"elementor-container elementor-column-gap-default\">\n\t\t\t\t\t<div class=\"elementor-column elementor-col-100 elementor-top-column elementor-element elementor-element-c70e3b0\" data-id=\"c70e3b0\" data-element_type=\"column\">\n\t\t\t<div class=\"elementor-widget-wrap elementor-element-populated\">\n\t\t\t\t\t\t<div class=\"elementor-element elementor-element-91967a8 elementor-widget elementor-widget-text-editor\" data-id=\"91967a8\" data-element_type=\"widget\" data-widget_type=\"text-editor.default\">\n\t\t\t\t<div class=\"elementor-widget-container\">\n\t\t\t\t\t\t\t\t\t<div class=\"\">\n<div id=\"c2210\" class=\"main-content-1400 clearfix\">\n<div class=\"wt-text-inner \">\n<div class=\"main-content-1400 wt-textbox\">\n<p>Les clients Flex collective b\u00e9n\u00e9ficient d&rsquo;une gestion efficace, d&rsquo;un tarif d&rsquo;assurance avantageux et d&rsquo;un haut degr\u00e9 de transparence. Le capital de pr\u00e9voyance de cette solution collective est investi dans le pool de placement Flex 35 avec un risque \u00e9quilibr\u00e9. Le chiffre 35 correspond \u00e0 la part d&rsquo;actions.<\/p>\n<p>Le conseil de fondation d\u00e9termine la r\u00e9mun\u00e9ration chaque ann\u00e9e, en se basant sur le rendement net du pool de placement et en tenant compte des r\u00e9serves de fluctuation de valeur \u00e0 respecter.<\/p>\n<\/div>\n<div class=\"main-content-1400 wt-image\">\n<div class=\"pic\"><\/div>\n<\/div>\n<\/div>\n<\/div>\n<\/div>\n<div id=\"c2211\" class=\"main-content-1400 wt-image clearfix\">\n<div class=\"wt-image-inner margintop-small marginbottom-medium\">\n<div class=\"pic align-center\"><\/div>\n<\/div>\n<\/div>\n\t\t\t\t\t\t\t\t<\/div>\n\t\t\t\t<\/div>\n\t\t\t\t<div class=\"elementor-element elementor-element-8c4bf8e elementor-widget elementor-widget-heading\" data-id=\"8c4bf8e\" data-element_type=\"widget\" data-widget_type=\"heading.default\">\n\t\t\t\t<div class=\"elementor-widget-container\">\n\t\t\t\t\t<h2 class=\"elementor-heading-title elementor-size-default\">Vos avantages<\/h2>\t\t\t\t<\/div>\n\t\t\t\t<\/div>\n\t\t\t\t<div class=\"elementor-element elementor-element-2d90559 elementor-widget elementor-widget-text-editor\" data-id=\"2d90559\" data-element_type=\"widget\" data-widget_type=\"text-editor.default\">\n\t\t\t\t<div class=\"elementor-widget-container\">\n\t\t\t\t\t\t\t\t\t<ul>\n<li>Solution pour entreprises avec au moins trois personnes assur\u00e9es<\/li>\n<li>Taux de couverture commun<\/li>\n<li>Investi dans le pool de placement Flex 35<\/li>\n<li>Une affiliation en d\u00e9couvert n\u2019est pas possible<\/li>\n<li>La r\u00e9mun\u00e9ration est fix\u00e9e par le Conseil de fondation<\/li>\n<\/ul>\n\t\t\t\t\t\t\t\t<\/div>\n\t\t\t\t<\/div>\n\t\t\t\t<section class=\"elementor-section elementor-inner-section elementor-element elementor-element-04e8f14 elementor-section-boxed elementor-section-height-default elementor-section-height-default\" data-id=\"04e8f14\" data-element_type=\"section\" data-settings=\"{&quot;background_background&quot;:&quot;classic&quot;,&quot;_ha_eqh_enable&quot;:false}\">\n\t\t\t\t\t\t<div class=\"elementor-container elementor-column-gap-default\">\n\t\t\t\t\t<div class=\"elementor-column elementor-col-100 elementor-inner-column elementor-element elementor-element-a632f51\" data-id=\"a632f51\" data-element_type=\"column\">\n\t\t\t<div class=\"elementor-widget-wrap elementor-element-populated\">\n\t\t\t\t\t\t<div class=\"elementor-element elementor-element-a09c460 elementor-widget elementor-widget-heading\" data-id=\"a09c460\" data-element_type=\"widget\" data-widget_type=\"heading.default\">\n\t\t\t\t<div class=\"elementor-widget-container\">\n\t\t\t\t\t<h3 class=\"elementor-heading-title elementor-size-default\">Solutions de retraite<\/h3>\t\t\t\t<\/div>\n\t\t\t\t<\/div>\n\t\t\t\t<div class=\"elementor-element elementor-element-c9a1b79 elementor-widget elementor-widget-button\" data-id=\"c9a1b79\" data-element_type=\"widget\" data-widget_type=\"button.default\">\n\t\t\t\t<div class=\"elementor-widget-container\">\n\t\t\t\t\t\t\t\t\t<div class=\"elementor-button-wrapper\">\n\t\t\t\t\t<a class=\"elementor-button elementor-button-link elementor-size-sm\" href=\"https:\/\/www.swisscanto-flex.ch\/fr\/solutions-de-retraite\/\" target=\"_blank\">\n\t\t\t\t\t\t<span class=\"elementor-button-content-wrapper\">\n\t\t\t\t\t\t<span class=\"elementor-button-icon\">\n\t\t\t\t<i aria-hidden=\"true\" class=\"icon icon-sc-arrow3-right\"><\/i>\t\t\t<\/span>\n\t\t\t\t\t\t\t\t\t<span class=\"elementor-button-text\">Concept<\/span>\n\t\t\t\t\t<\/span>\n\t\t\t\t\t<\/a>\n\t\t\t\t<\/div>\n\t\t\t\t\t\t\t\t<\/div>\n\t\t\t\t<\/div>\n\t\t\t\t<div class=\"elementor-element elementor-element-3f1b2aa elementor-widget elementor-widget-button\" data-id=\"3f1b2aa\" data-element_type=\"widget\" data-widget_type=\"button.default\">\n\t\t\t\t<div class=\"elementor-widget-container\">\n\t\t\t\t\t\t\t\t\t<div class=\"elementor-button-wrapper\">\n\t\t\t\t\t<a class=\"elementor-button elementor-button-link elementor-size-sm\" href=\"https:\/\/www.swisscanto-flex.ch\/fr\/solutions-de-retraite\/flex-individuelle\/\" target=\"_blank\">\n\t\t\t\t\t\t<span class=\"elementor-button-content-wrapper\">\n\t\t\t\t\t\t<span class=\"elementor-button-icon\">\n\t\t\t\t<i aria-hidden=\"true\" class=\"icon icon-sc-arrow3-right\"><\/i>\t\t\t<\/span>\n\t\t\t\t\t\t\t\t\t<span class=\"elementor-button-text\">Flex individuelle<\/span>\n\t\t\t\t\t<\/span>\n\t\t\t\t\t<\/a>\n\t\t\t\t<\/div>\n\t\t\t\t\t\t\t\t<\/div>\n\t\t\t\t<\/div>\n\t\t\t\t<div class=\"elementor-element elementor-element-405e336 elementor-widget elementor-widget-button\" data-id=\"405e336\" data-element_type=\"widget\" data-widget_type=\"button.default\">\n\t\t\t\t<div class=\"elementor-widget-container\">\n\t\t\t\t\t\t\t\t\t<div class=\"elementor-button-wrapper\">\n\t\t\t\t\t<a class=\"elementor-button elementor-button-link elementor-size-sm\" href=\"https:\/\/www.swisscanto-flex.ch\/fr\/solutions-de-retraite\/institution-de-prevoyance-rentiers-fr\/\" target=\"_blank\">\n\t\t\t\t\t\t<span class=\"elementor-button-content-wrapper\">\n\t\t\t\t\t\t<span class=\"elementor-button-icon\">\n\t\t\t\t<i aria-hidden=\"true\" class=\"icon icon-sc-arrow3-right\"><\/i>\t\t\t<\/span>\n\t\t\t\t\t\t\t\t\t<span class=\"elementor-button-text\">Caisse de pr\u00e9voyance pour les pensionn\u00e9s<\/span>\n\t\t\t\t\t<\/span>\n\t\t\t\t\t<\/a>\n\t\t\t\t<\/div>\n\t\t\t\t\t\t\t\t<\/div>\n\t\t\t\t<\/div>\n\t\t\t\t\t<\/div>\n\t\t<\/div>\n\t\t\t\t\t<\/div>\n\t\t<\/section>\n\t\t\t\t\t<\/div>\n\t\t<\/div>\n\t\t\t\t\t<\/div>\n\t\t<\/section>\n\t\t\t\t<section class=\"elementor-section elementor-top-section elementor-element elementor-element-7a0f266 elementor-section-boxed elementor-section-height-default elementor-section-height-default\" data-id=\"7a0f266\" data-element_type=\"section\" data-settings=\"{&quot;_ha_eqh_enable&quot;:false}\">\n\t\t\t\t\t\t<div class=\"elementor-container elementor-column-gap-no\">\n\t\t\t\t\t<div class=\"elementor-column elementor-col-100 elementor-top-column elementor-element elementor-element-fcaeba0\" data-id=\"fcaeba0\" data-element_type=\"column\">\n\t\t\t<div class=\"elementor-widget-wrap elementor-element-populated\">\n\t\t\t\t\t\t<div class=\"elementor-element elementor-element-19a43d3 elementor-widget elementor-widget-template\" data-id=\"19a43d3\" data-element_type=\"widget\" data-widget_type=\"template.default\">\n\t\t\t\t<div class=\"elementor-widget-container\">\n\t\t\t\t\t\t\t<div class=\"elementor-template\">\n\t\t\t\t\t<div data-elementor-type=\"section\" data-elementor-id=\"13298\" class=\"elementor elementor-13298 elementor-13291\" data-elementor-settings=\"{&quot;ha_cmc_init_switcher&quot;:&quot;no&quot;}\" data-elementor-post-type=\"elementor_library\">\n\t\t\t\t\t<section class=\"elementor-section elementor-top-section elementor-element elementor-element-1b1d368f red-teaser elementor-section-boxed elementor-section-height-default elementor-section-height-default\" data-id=\"1b1d368f\" data-element_type=\"section\" data-settings=\"{&quot;_ha_eqh_enable&quot;:false}\">\n\t\t\t\t\t\t<div class=\"elementor-container elementor-column-gap-no\">\n\t\t\t\t\t<div class=\"elementor-column elementor-col-100 elementor-top-column elementor-element elementor-element-337faa32\" data-id=\"337faa32\" data-element_type=\"column\">\n\t\t\t<div class=\"elementor-widget-wrap elementor-element-populated\">\n\t\t\t\t\t\t<div class=\"elementor-element elementor-element-2bc65107 elementor-widget elementor-widget-ucaddon_contact_box\" data-id=\"2bc65107\" data-element_type=\"widget\" data-widget_type=\"ucaddon_contact_box.default\">\n\t\t\t\t<div class=\"elementor-widget-container\">\n\t\t\t\t\t\n<!-- start Contact Box -->\n<style>\/* widget: Contact Box *\/\n\n.sc-contact-box {\n  background-color: #080F5E;\n  color: white;\n  padding: 78px;\n  position: relative;\n}\n.sc-contact-box .sc-headline h2 {\n  color: white;\n  font-weight: bold;\n}\n.sc-contact-box:hover .sc-headline h2 {\n  color: var(--e-global-color-text);\n}\n.sc-contact-box .sc-text {\n  margin-bottom: 60px;\n}\n.sc-contact-box .sc-contact-box-wrapper-link {\n  position: absolute;\n  top: 0;\n  left: 0;\n  right: 0;\n  bottom: 0;\n}\n.sc-contact-box .elementor-button-wrapper {\n  position: relative;\n}\n.sc-contact-box .elementor-button-wrapper .elementor-button {\n  color: white;\n  border-color: white;\n  text-decoration: none;\n}\n.sc-contact-box .elementor-button-wrapper .elementor-button:hover {\n  color: #BFE8FC;\n  border-color: #BFE8FC;\n}\n\n<\/style>\n\n<div id=\"uc_contact_box_elementor_2bc65107\" class=\"sc-contact-box\">\n  <div class=\"sc-headline\">\n    <h2>Contactez-nous<\/h2>\n  <\/div>\n  <div class=\"sc-text\">\n    <p>Vous avez des questions sur notre organisation ? Nous sommes heureux d\u2019y r\u00e9pondre<\/p>\n\n  <\/div>\n  <a href=\"https:\/\/www.swisscanto-flex.ch\/fr\/contact\/\" class=\"sc-contact-box-wrapper-link\">&nbsp;<\/a>\n  <div class=\"elementor-button-wrapper\">\n    <a class=\"elementor-button elementor-button-link elementor-size-sm\" href=\"https:\/\/www.swisscanto-flex.ch\/fr\/contact\/\">\n      <span class=\"elementor-button-content-wrapper\">\n        <span class=\"elementor-button-text\">Contact<\/span>\n      <\/span>\n    <\/a>\n  <\/div>\n<\/div>\n<!-- end Contact Box -->\t\t\t\t<\/div>\n\t\t\t\t<\/div>\n\t\t\t\t\t<\/div>\n\t\t<\/div>\n\t\t\t\t\t<\/div>\n\t\t<\/section>\n\t\t\t\t<\/div>\n\t\t\t\t<\/div>\n\t\t\t\t\t\t<\/div>\n\t\t\t\t<\/div>\n\t\t\t\t\t<\/div>\n\t\t<\/div>\n\t\t\t\t\t<\/div>\n\t\t<\/section>\n\t\t\t\t<\/div>\n\t\t","protected":false},"excerpt":{"rendered":"<p>Flex collective Flex collective est un produit destin\u00e9 aux entreprises qui souhaitent confier leurs obligations de caisse de pension \u00e0 une fondation collective comp\u00e9tente. Toutes les entreprises affili\u00e9es dans cette institution forment une communaut\u00e9. En r\u00e8gle g\u00e9n\u00e9rale, ce sont avant tout les entreprises de petite taille qui se d\u00e9cident pour Flex collective. Toutefois, nous comptons [&hellip;]<\/p>\n","protected":false},"author":2,"featured_media":0,"parent":10456,"menu_order":20,"comment_status":"closed","ping_status":"closed","template":"","meta":{"_acf_changed":false,"footnotes":""},"class_list":["post-10703","page","type-page","status-publish","hentry"],"acf":[],"yoast_head":"<!-- This site is optimized with the Yoast SEO plugin v26.1.1 - https:\/\/yoast.com\/wordpress\/plugins\/seo\/ -->\n<title>De multiples avantages - Swisscanto Flex<\/title>\n<meta name=\"description\" content=\"D\u00e9couvrez ici les 5 avantages dont vous b\u00e9n\u00e9ficiez en tant que client Flex collective.\" \/>\n<meta name=\"robots\" content=\"index, follow, max-snippet:-1, max-image-preview:large, max-video-preview:-1\" \/>\n<link rel=\"canonical\" href=\"https:\/\/www.swisscanto-flex.ch\/fr\/solutions-de-retraite\/flex-collective\/\" \/>\n<meta property=\"og:locale\" content=\"fr_FR\" \/>\n<meta property=\"og:type\" content=\"article\" \/>\n<meta property=\"og:title\" content=\"De multiples avantages - Swisscanto Flex\" \/>\n<meta property=\"og:description\" content=\"D\u00e9couvrez ici les 5 avantages dont vous b\u00e9n\u00e9ficiez en tant que client Flex collective.\" \/>\n<meta property=\"og:url\" content=\"https:\/\/www.swisscanto-flex.ch\/fr\/solutions-de-retraite\/flex-collective\/\" \/>\n<meta property=\"og:site_name\" content=\"Swisscanto Flex\" \/>\n<meta property=\"article:modified_time\" content=\"2023-12-21T08:19:48+00:00\" \/>\n<meta property=\"og:image\" content=\"https:\/\/www.swisscanto-flex.ch\/wp-content\/uploads\/2023\/02\/Flex-kollektiv_Header.jpg\" \/>\n<meta name=\"twitter:card\" content=\"summary_large_image\" \/>\n<meta name=\"twitter:label1\" content=\"Dur\u00e9e de lecture estim\u00e9e\" \/>\n\t<meta name=\"twitter:data1\" content=\"1 minute\" \/>\n<script type=\"application\/ld+json\" class=\"yoast-schema-graph\">{\"@context\":\"https:\/\/schema.org\",\"@graph\":[{\"@type\":\"WebPage\",\"@id\":\"https:\/\/www.swisscanto-flex.ch\/fr\/solutions-de-retraite\/flex-collective\/\",\"url\":\"https:\/\/www.swisscanto-flex.ch\/fr\/solutions-de-retraite\/flex-collective\/\",\"name\":\"De multiples avantages - Swisscanto Flex\",\"isPartOf\":{\"@id\":\"https:\/\/www.swisscanto-flex.ch\/fr\/#website\"},\"primaryImageOfPage\":{\"@id\":\"https:\/\/www.swisscanto-flex.ch\/fr\/solutions-de-retraite\/flex-collective\/#primaryimage\"},\"image\":{\"@id\":\"https:\/\/www.swisscanto-flex.ch\/fr\/solutions-de-retraite\/flex-collective\/#primaryimage\"},\"thumbnailUrl\":\"https:\/\/www.swisscanto-flex.ch\/wp-content\/uploads\/2023\/02\/Flex-kollektiv_Header.jpg\",\"datePublished\":\"2022-12-19T09:08:48+00:00\",\"dateModified\":\"2023-12-21T08:19:48+00:00\",\"description\":\"D\u00e9couvrez ici les 5 avantages dont vous b\u00e9n\u00e9ficiez en tant que client Flex collective.\",\"breadcrumb\":{\"@id\":\"https:\/\/www.swisscanto-flex.ch\/fr\/solutions-de-retraite\/flex-collective\/#breadcrumb\"},\"inLanguage\":\"fr-FR\",\"potentialAction\":[{\"@type\":\"ReadAction\",\"target\":[\"https:\/\/www.swisscanto-flex.ch\/fr\/solutions-de-retraite\/flex-collective\/\"]}]},{\"@type\":\"ImageObject\",\"inLanguage\":\"fr-FR\",\"@id\":\"https:\/\/www.swisscanto-flex.ch\/fr\/solutions-de-retraite\/flex-collective\/#primaryimage\",\"url\":\"https:\/\/www.swisscanto-flex.ch\/wp-content\/uploads\/2023\/02\/Flex-kollektiv_Header.jpg\",\"contentUrl\":\"https:\/\/www.swisscanto-flex.ch\/wp-content\/uploads\/2023\/02\/Flex-kollektiv_Header.jpg\"},{\"@type\":\"BreadcrumbList\",\"@id\":\"https:\/\/www.swisscanto-flex.ch\/fr\/solutions-de-retraite\/flex-collective\/#breadcrumb\",\"itemListElement\":[{\"@type\":\"ListItem\",\"position\":1,\"name\":\"Home\",\"item\":\"https:\/\/www.swisscanto-flex.ch\/fr\/\"},{\"@type\":\"ListItem\",\"position\":2,\"name\":\"Solutions de pr\u00e9voyance\",\"item\":\"https:\/\/www.swisscanto-flex.ch\/fr\/vorsorgeloesungen\/\"},{\"@type\":\"ListItem\",\"position\":3,\"name\":\"Flex collective\"}]},{\"@type\":\"WebSite\",\"@id\":\"https:\/\/www.swisscanto-flex.ch\/fr\/#website\",\"url\":\"https:\/\/www.swisscanto-flex.ch\/fr\/\",\"name\":\"Swisscanto Flex\",\"description\":\"\",\"publisher\":{\"@id\":\"https:\/\/www.swisscanto-flex.ch\/fr\/#organization\"},\"potentialAction\":[{\"@type\":\"SearchAction\",\"target\":{\"@type\":\"EntryPoint\",\"urlTemplate\":\"https:\/\/www.swisscanto-flex.ch\/fr\/?s={search_term_string}\"},\"query-input\":{\"@type\":\"PropertyValueSpecification\",\"valueRequired\":true,\"valueName\":\"search_term_string\"}}],\"inLanguage\":\"fr-FR\"},{\"@type\":\"Organization\",\"@id\":\"https:\/\/www.swisscanto-flex.ch\/fr\/#organization\",\"name\":\"Swisscanto Flex\",\"url\":\"https:\/\/www.swisscanto-flex.ch\/fr\/\",\"logo\":{\"@type\":\"ImageObject\",\"inLanguage\":\"fr-FR\",\"@id\":\"https:\/\/www.swisscanto-flex.ch\/fr\/#\/schema\/logo\/image\/\",\"url\":\"https:\/\/www.swisscanto-flex.ch\/wp-content\/uploads\/2025\/08\/SWCstift_Flex_DE_hor_pos_sRGB.png\",\"contentUrl\":\"https:\/\/www.swisscanto-flex.ch\/wp-content\/uploads\/2025\/08\/SWCstift_Flex_DE_hor_pos_sRGB.png\",\"width\":1241,\"height\":110,\"caption\":\"Swisscanto Flex\"},\"image\":{\"@id\":\"https:\/\/www.swisscanto-flex.ch\/fr\/#\/schema\/logo\/image\/\"}}]}<\/script>\n<!-- \/ Yoast SEO plugin. -->","yoast_head_json":{"title":"De multiples avantages - Swisscanto Flex","description":"D\u00e9couvrez ici les 5 avantages dont vous b\u00e9n\u00e9ficiez en tant que client Flex collective.","robots":{"index":"index","follow":"follow","max-snippet":"max-snippet:-1","max-image-preview":"max-image-preview:large","max-video-preview":"max-video-preview:-1"},"canonical":"https:\/\/www.swisscanto-flex.ch\/fr\/solutions-de-retraite\/flex-collective\/","og_locale":"fr_FR","og_type":"article","og_title":"De multiples avantages - Swisscanto Flex","og_description":"D\u00e9couvrez ici les 5 avantages dont vous b\u00e9n\u00e9ficiez en tant que client Flex collective.","og_url":"https:\/\/www.swisscanto-flex.ch\/fr\/solutions-de-retraite\/flex-collective\/","og_site_name":"Swisscanto Flex","article_modified_time":"2023-12-21T08:19:48+00:00","og_image":[{"url":"https:\/\/www.swisscanto-flex.ch\/wp-content\/uploads\/2023\/02\/Flex-kollektiv_Header.jpg","type":"","width":"","height":""}],"twitter_card":"summary_large_image","twitter_misc":{"Dur\u00e9e de lecture estim\u00e9e":"1 minute"},"schema":{"@context":"https:\/\/schema.org","@graph":[{"@type":"WebPage","@id":"https:\/\/www.swisscanto-flex.ch\/fr\/solutions-de-retraite\/flex-collective\/","url":"https:\/\/www.swisscanto-flex.ch\/fr\/solutions-de-retraite\/flex-collective\/","name":"De multiples avantages - Swisscanto Flex","isPartOf":{"@id":"https:\/\/www.swisscanto-flex.ch\/fr\/#website"},"primaryImageOfPage":{"@id":"https:\/\/www.swisscanto-flex.ch\/fr\/solutions-de-retraite\/flex-collective\/#primaryimage"},"image":{"@id":"https:\/\/www.swisscanto-flex.ch\/fr\/solutions-de-retraite\/flex-collective\/#primaryimage"},"thumbnailUrl":"https:\/\/www.swisscanto-flex.ch\/wp-content\/uploads\/2023\/02\/Flex-kollektiv_Header.jpg","datePublished":"2022-12-19T09:08:48+00:00","dateModified":"2023-12-21T08:19:48+00:00","description":"D\u00e9couvrez ici les 5 avantages dont vous b\u00e9n\u00e9ficiez en tant que client Flex collective.","breadcrumb":{"@id":"https:\/\/www.swisscanto-flex.ch\/fr\/solutions-de-retraite\/flex-collective\/#breadcrumb"},"inLanguage":"fr-FR","potentialAction":[{"@type":"ReadAction","target":["https:\/\/www.swisscanto-flex.ch\/fr\/solutions-de-retraite\/flex-collective\/"]}]},{"@type":"ImageObject","inLanguage":"fr-FR","@id":"https:\/\/www.swisscanto-flex.ch\/fr\/solutions-de-retraite\/flex-collective\/#primaryimage","url":"https:\/\/www.swisscanto-flex.ch\/wp-content\/uploads\/2023\/02\/Flex-kollektiv_Header.jpg","contentUrl":"https:\/\/www.swisscanto-flex.ch\/wp-content\/uploads\/2023\/02\/Flex-kollektiv_Header.jpg"},{"@type":"BreadcrumbList","@id":"https:\/\/www.swisscanto-flex.ch\/fr\/solutions-de-retraite\/flex-collective\/#breadcrumb","itemListElement":[{"@type":"ListItem","position":1,"name":"Home","item":"https:\/\/www.swisscanto-flex.ch\/fr\/"},{"@type":"ListItem","position":2,"name":"Solutions de pr\u00e9voyance","item":"https:\/\/www.swisscanto-flex.ch\/fr\/vorsorgeloesungen\/"},{"@type":"ListItem","position":3,"name":"Flex collective"}]},{"@type":"WebSite","@id":"https:\/\/www.swisscanto-flex.ch\/fr\/#website","url":"https:\/\/www.swisscanto-flex.ch\/fr\/","name":"Swisscanto Flex","description":"","publisher":{"@id":"https:\/\/www.swisscanto-flex.ch\/fr\/#organization"},"potentialAction":[{"@type":"SearchAction","target":{"@type":"EntryPoint","urlTemplate":"https:\/\/www.swisscanto-flex.ch\/fr\/?s={search_term_string}"},"query-input":{"@type":"PropertyValueSpecification","valueRequired":true,"valueName":"search_term_string"}}],"inLanguage":"fr-FR"},{"@type":"Organization","@id":"https:\/\/www.swisscanto-flex.ch\/fr\/#organization","name":"Swisscanto Flex","url":"https:\/\/www.swisscanto-flex.ch\/fr\/","logo":{"@type":"ImageObject","inLanguage":"fr-FR","@id":"https:\/\/www.swisscanto-flex.ch\/fr\/#\/schema\/logo\/image\/","url":"https:\/\/www.swisscanto-flex.ch\/wp-content\/uploads\/2025\/08\/SWCstift_Flex_DE_hor_pos_sRGB.png","contentUrl":"https:\/\/www.swisscanto-flex.ch\/wp-content\/uploads\/2025\/08\/SWCstift_Flex_DE_hor_pos_sRGB.png","width":1241,"height":110,"caption":"Swisscanto Flex"},"image":{"@id":"https:\/\/www.swisscanto-flex.ch\/fr\/#\/schema\/logo\/image\/"}}]}},"_links":{"self":[{"href":"https:\/\/www.swisscanto-flex.ch\/fr\/wp-json\/wp\/v2\/pages\/10703","targetHints":{"allow":["GET"]}}],"collection":[{"href":"https:\/\/www.swisscanto-flex.ch\/fr\/wp-json\/wp\/v2\/pages"}],"about":[{"href":"https:\/\/www.swisscanto-flex.ch\/fr\/wp-json\/wp\/v2\/types\/page"}],"author":[{"embeddable":true,"href":"https:\/\/www.swisscanto-flex.ch\/fr\/wp-json\/wp\/v2\/users\/2"}],"replies":[{"embeddable":true,"href":"https:\/\/www.swisscanto-flex.ch\/fr\/wp-json\/wp\/v2\/comments?post=10703"}],"version-history":[{"count":12,"href":"https:\/\/www.swisscanto-flex.ch\/fr\/wp-json\/wp\/v2\/pages\/10703\/revisions"}],"predecessor-version":[{"id":13972,"href":"https:\/\/www.swisscanto-flex.ch\/fr\/wp-json\/wp\/v2\/pages\/10703\/revisions\/13972"}],"up":[{"embeddable":true,"href":"https:\/\/www.swisscanto-flex.ch\/fr\/wp-json\/wp\/v2\/pages\/10456"}],"wp:attachment":[{"href":"https:\/\/www.swisscanto-flex.ch\/fr\/wp-json\/wp\/v2\/media?parent=10703"}],"curies":[{"name":"wp","href":"https:\/\/api.w.org\/{rel}","templated":true}]}}